{"id":4986,"date":"2019-08-12T12:40:15","date_gmt":"2019-08-12T12:40:15","guid":{"rendered":"https:\/\/groffer.modeltheme.com\/?page_id=4986"},"modified":"2025-06-26T11:43:54","modified_gmt":"2025-06-26T11:43:54","slug":"about","status":"publish","type":"page","link":"https:\/\/destandisticaret.com\/tr\/about\/","title":{"rendered":"Hakk\u0131m\u0131zda"},"content":{"rendered":"<div class=\"wpb-content-wrapper\"><div class=\"vc_row wpb_row vc_row-fluid vc_custom_1605185470066\"><div class=\"wpb_animate_when_almost_visible wpb_bounceInLeft bounceInLeft wpb_column vc_column_container vc_col-sm-6\"><div class=\"vc_column-inner\"><div class=\"wpb_wrapper\">\n\t<div class=\"wpb_text_column wpb_content_element\" >\n\t\t<div class=\"wpb_wrapper\">\n\t\t\t<h3>Hakk\u0131m\u0131zda<\/h3>\n\n\t\t<\/div>\n\t<\/div>\n<div class=\"vc_empty_space\"   style=\"height: 30px\"><span class=\"vc_empty_space_inner\"><\/span><\/div>\n\t<div class=\"wpb_text_column wpb_content_element\" >\n\t\t<div class=\"wpb_wrapper\">\n\t\t\t<p>\u015e\u00fck\u00fcr Kuruyemi\u015f, 1973 y\u0131l\u0131nda Denizli&#8217;de leblebi \u00fcretimi ile kuruyemi\u015f ve kuru meyve sekt\u00f6r\u00fcne ad\u0131m\u0131n\u0131 atm\u0131\u015ft\u0131r. \u015eirketimiz, h\u0131zl\u0131 ilerlemesiyle bu alanda hakimiyet kazanm\u0131\u015ft\u0131r. 1996 y\u0131l\u0131nda ihracata ba\u015flamas\u0131yla birlikte, \u015firket merkezini \u0130stanbul&#8217;a ta\u015f\u0131m\u0131\u015ft\u0131r. \u015e\u00fck\u00fcr Kuruyemi\u015f, her ge\u00e7en g\u00fcn yabanc\u0131 m\u00fc\u015fteri portf\u00f6y\u00fcn\u00fc geli\u015ftirirken, 2005 y\u0131l\u0131nda uluslararas\u0131 ticaret faaliyetlerine ba\u015flayan Destan D\u0131\u015f Ticaret ve G\u0131da Sanayi Limited \u015eirketi b\u00fcnyesinde ilerlemeye devam etmi\u015ftir.<\/p>\n<p>Bug\u00fcn, Destan D\u0131\u015f Ticaret ve G\u0131da Sanayi Limited \u015eirketi, \u00fcr\u00fcn yelpazesini geni\u015fleterek d\u0131\u015f ticarette emin ad\u0131mlarla b\u00fcy\u00fcmeye devam etmektedir. Do\u011fru ve d\u00fcr\u00fcst ticari yakla\u015f\u0131m sayesinde kazan\u0131lan g\u00fcven, \u015firketin hi\u00e7bir m\u00fc\u015fterisini kaybetmemesini sa\u011flam\u0131\u015ft\u0131r. Kuruyemi\u015f alan\u0131nda \u015e\u00fck\u00fcr Kuruyemi\u015f ve Cipso Turka\u00ae markalar\u0131yla, kuru meyve alan\u0131nda ise Trusty\u00ae markas\u0131yla faaliyet g\u00f6stermekteyiz. Uzmanlar taraf\u0131ndan \u00f6zenle se\u00e7ilen \u00fcr\u00fcnlerimiz, do\u011fall\u0131klar\u0131n\u0131 koruyarak hijyenik ko\u015fullarda ve modern tesislerde paketlenmektedir.<\/p>\n\n\t\t<\/div>\n\t<\/div>\n<div class=\"vc_empty_space\"   style=\"height: 30px\"><span class=\"vc_empty_space_inner\"><\/span><\/div>\n\t<div class=\"wpb_text_column wpb_content_element\" >\n\t\t<div class=\"wpb_wrapper\">\n\t\t\t<p><img loading=\"lazy\" decoding=\"async\" class=\"alignnone wp-image-10476 size-full\" src=\"https:\/\/destandisticaret.com\/wp-content\/uploads\/2025\/06\/hakkimizda-01.webp\" alt=\"\" width=\"800\" height=\"800\" srcset=\"https:\/\/destandisticaret.com\/wp-content\/uploads\/2025\/06\/hakkimizda-01.webp 800w, https:\/\/destandisticaret.com\/wp-content\/uploads\/2025\/06\/hakkimizda-01-300x300.webp 300w, https:\/\/destandisticaret.com\/wp-content\/uploads\/2025\/06\/hakkimizda-01-150x150.webp 150w, https:\/\/destandisticaret.com\/wp-content\/uploads\/2025\/06\/hakkimizda-01-768x768.webp 768w, https:\/\/destandisticaret.com\/wp-content\/uploads\/2025\/06\/hakkimizda-01-12x12.webp 12w, https:\/\/destandisticaret.com\/wp-content\/uploads\/2025\/06\/hakkimizda-01-350x350.webp 350w, https:\/\/destandisticaret.com\/wp-content\/uploads\/2025\/06\/hakkimizda-01-110x110.webp 110w, https:\/\/destandisticaret.com\/wp-content\/uploads\/2025\/06\/hakkimizda-01-400x400.webp 400w, https:\/\/destandisticaret.com\/wp-content\/uploads\/2025\/06\/hakkimizda-01-500x500.webp 500w, https:\/\/destandisticaret.com\/wp-content\/uploads\/2025\/06\/hakkimizda-01-70x70.webp 70w, https:\/\/destandisticaret.com\/wp-content\/uploads\/2025\/06\/hakkimizda-01-600x600.webp 600w, https:\/\/destandisticaret.com\/wp-content\/uploads\/2025\/06\/hakkimizda-01-200x200.webp 200w\" sizes=\"auto, (max-width: 800px) 100vw, 800px\" \/><\/p>\n<p>&nbsp;<\/p>\n\n\t\t<\/div>\n\t<\/div>\n<div class=\"vc_empty_space\"   style=\"height: 40px\"><span class=\"vc_empty_space_inner\"><\/span><\/div><\/div><\/div><\/div><div class=\"ab2-right wpb_animate_when_almost_visible wpb_fadeInRight fadeInRight wpb_column vc_column_container vc_col-sm-6\"><div class=\"vc_column-inner vc_custom_1675069537419\"><div class=\"wpb_wrapper\">\n\t<div class=\"wpb_text_column wpb_content_element\" >\n\t\t<div class=\"wpb_wrapper\">\n\t\t\t<p><img loading=\"lazy\" decoding=\"async\" class=\"alignnone wp-image-10475 size-full\" src=\"https:\/\/destandisticaret.com\/wp-content\/uploads\/2025\/06\/hakkimizda-02.webp\" alt=\"hakkimizda 02\" width=\"800\" height=\"800\" srcset=\"https:\/\/destandisticaret.com\/wp-content\/uploads\/2025\/06\/hakkimizda-02.webp 800w, https:\/\/destandisticaret.com\/wp-content\/uploads\/2025\/06\/hakkimizda-02-300x300.webp 300w, https:\/\/destandisticaret.com\/wp-content\/uploads\/2025\/06\/hakkimizda-02-150x150.webp 150w, https:\/\/destandisticaret.com\/wp-content\/uploads\/2025\/06\/hakkimizda-02-768x768.webp 768w, https:\/\/destandisticaret.com\/wp-content\/uploads\/2025\/06\/hakkimizda-02-12x12.webp 12w, https:\/\/destandisticaret.com\/wp-content\/uploads\/2025\/06\/hakkimizda-02-350x350.webp 350w, https:\/\/destandisticaret.com\/wp-content\/uploads\/2025\/06\/hakkimizda-02-110x110.webp 110w, https:\/\/destandisticaret.com\/wp-content\/uploads\/2025\/06\/hakkimizda-02-400x400.webp 400w, https:\/\/destandisticaret.com\/wp-content\/uploads\/2025\/06\/hakkimizda-02-500x500.webp 500w, https:\/\/destandisticaret.com\/wp-content\/uploads\/2025\/06\/hakkimizda-02-70x70.webp 70w, https:\/\/destandisticaret.com\/wp-content\/uploads\/2025\/06\/hakkimizda-02-600x600.webp 600w, https:\/\/destandisticaret.com\/wp-content\/uploads\/2025\/06\/hakkimizda-02-200x200.webp 200w\" sizes=\"auto, (max-width: 800px) 100vw, 800px\" \/><\/p>\n\n\t\t<\/div>\n\t<\/div>\n\n\t<div class=\"wpb_text_column wpb_content_element\" >\n\t\t<div class=\"wpb_wrapper\">\n\t\t\t<p>&nbsp;<\/p>\n<p>Ba\u015fl\u0131ca \u00fcr\u00fcnlerimiz aras\u0131nda Denizli leblebisi, Ordu ve Giresun f\u0131nd\u0131\u011f\u0131, Malatya kuru kay\u0131s\u0131s\u0131, Ayd\u0131n kuru inciri ve Manisa \u00fcz\u00fcm\u00fc bulunmaktad\u0131r. Ayr\u0131ca nohut, mercimek, fasulye, ha\u015fha\u015f, susam gibi bir\u00e7ok tar\u0131m \u00fcr\u00fcn\u00fc de yer almaktad\u0131r.<\/p>\n<p>\u00dcr\u00fcnlerimizi ba\u015fta Amerika, Almanya, Fransa, Avusturya, Kanada, Avustralya, Rusya, Yunanistan, Makedonya, Bulgaristan, S\u0131rbistan, M\u0131s\u0131r, Tunus, \u00dcrd\u00fcn, Cezayir, Hindistan, Vietnam, \u00c7in, Uganda, Tanzanya, \u00d6zbekistan, T\u00fcrkmenistan olmak \u00fczere bir\u00e7ok \u00fclkeye ihra\u00e7 etmekteyiz.<\/p>\n<p>\u015eirketimiz, f\u0131nd\u0131k ihracat\u0131nda ilk on lider firma aras\u0131nda yer almaktad\u0131r. Amerika&#8217;dan badem, Hindistan&#8217;dan kaju ve ceviz, Ukrayna&#8217;dan kabak \u00e7ekirde\u011fi, Afrika&#8217;dan susam ve \u00c7in&#8217;den yer f\u0131st\u0131\u011f\u0131 ithalat\u0131 yaparak uluslararas\u0131 ticaretteki ba\u015far\u0131s\u0131n\u0131 art\u0131rmaya devam etmektedir.<\/p>\n<p>\u015eirketimiz, ulusal ve uluslararas\u0131 bir\u00e7ok fuar ve tan\u0131t\u0131m organizasyonunda (Anuga, Sial vb.) kendini ba\u015far\u0131yla temsil etmekte ve yeni pazarlar geli\u015ftirmektedir.<\/p>\n<p>Amac\u0131m\u0131z d\u00fcr\u00fcst ticaret ve s\u00fcrekli m\u00fc\u015fteri memnuniyetidir.<\/p>\n<p>Sayg\u0131lar\u0131m\u0131zla.<\/p>\n\n\t\t<\/div>\n\t<\/div>\n<\/div><\/div><\/div><\/div><div data-vc-full-width=\"true\" data-vc-full-width-init=\"false\" class=\"vc_row wpb_row vc_row-fluid missing-member vc_custom_1675071500891 vc_row-has-fill\"><div class=\"wpb_animate_when_almost_visible wpb_fadeInUp fadeInUp wpb_column vc_column_container vc_col-sm-12 vc_hidden-sm vc_hidden-xs\"><div class=\"vc_column-inner\"><div class=\"wpb_wrapper\">\n\t<div  class=\"wpb_single_image wpb_content_element vc_align_center wpb_content_element\">\n\t\t\n\t\t<figure class=\"wpb_wrapper vc_figure\">\n\t\t\t<div class=\"vc_single_image-wrapper   vc_box_border_grey\"><img loading=\"lazy\" decoding=\"async\" width=\"1920\" height=\"987\" src=\"https:\/\/destandisticaret.com\/wp-content\/uploads\/2025\/06\/sukur-kuruyemis-destan-dis-ticaret-fabrika-1.webp\" class=\"vc_single_image-img attachment-full\" alt=\"sukur-kuruyemis-destan-dis-ticaret-fabrika\" title=\"sukur-kuruyemis-destan-dis-ticaret-fabrika\" srcset=\"https:\/\/destandisticaret.com\/wp-content\/uploads\/2025\/06\/sukur-kuruyemis-destan-dis-ticaret-fabrika-1.webp 1920w, https:\/\/destandisticaret.com\/wp-content\/uploads\/2025\/06\/sukur-kuruyemis-destan-dis-ticaret-fabrika-1-300x154.webp 300w, https:\/\/destandisticaret.com\/wp-content\/uploads\/2025\/06\/sukur-kuruyemis-destan-dis-ticaret-fabrika-1-1024x526.webp 1024w, https:\/\/destandisticaret.com\/wp-content\/uploads\/2025\/06\/sukur-kuruyemis-destan-dis-ticaret-fabrika-1-768x395.webp 768w, https:\/\/destandisticaret.com\/wp-content\/uploads\/2025\/06\/sukur-kuruyemis-destan-dis-ticaret-fabrika-1-1536x790.webp 1536w, https:\/\/destandisticaret.com\/wp-content\/uploads\/2025\/06\/sukur-kuruyemis-destan-dis-ticaret-fabrika-1-18x9.webp 18w, https:\/\/destandisticaret.com\/wp-content\/uploads\/2025\/06\/sukur-kuruyemis-destan-dis-ticaret-fabrika-1-600x308.webp 600w\" sizes=\"auto, (max-width: 1920px) 100vw, 1920px\" \/><\/div>\n\t\t<\/figure>\n\t<\/div>\n<\/div><\/div><\/div><\/div><div class=\"vc_row-full-width vc_clearfix\"><\/div>\n<\/div>","protected":false},"excerpt":{"rendered":"Hakk\u0131m\u0131zda \u015e\u00fck\u00fcr Kuruyemi\u015f, 1973 y\u0131l\u0131nda Denizli'de leblebi \u00fcretimi ile kuruyemi\u015f ve kuru meyve sekt\u00f6r\u00fcne ad\u0131m\u0131n\u0131 atm\u0131\u015ft\u0131r. \u015eirketimiz, h\u0131zl\u0131 ilerlemesiyle bu alanda hakimiyet kazanm\u0131\u015ft\u0131r. 1996 y\u0131l\u0131nda ihracata ba\u015flamas\u0131yla birlikte, \u015firket merkezini \u0130stanbul'a ta\u015f\u0131m\u0131\u015ft\u0131r. \u015e\u00fck\u00fcr Kuruyemi\u015f, her ge\u00e7en g\u00fcn yabanc\u0131 m\u00fc\u015fteri portf\u00f6y\u00fcn\u00fc geli\u015ftirirken, 2005 y\u0131l\u0131nda uluslararas\u0131 ticaret faaliyetlerine ba\u015flayan Destan D\u0131\u015f Ticaret ve G\u0131da Sanayi Limited \u015eirketi [...]","protected":false},"author":1,"featured_media":0,"parent":0,"menu_order":0,"comment_status":"closed","ping_status":"closed","template":"","meta":{"footnotes":""},"class_list":["post-4986","page","type-page","status-publish","hentry"],"_links":{"self":[{"href":"https:\/\/destandisticaret.com\/tr\/wp-json\/wp\/v2\/pages\/4986","targetHints":{"allow":["GET"]}}],"collection":[{"href":"https:\/\/destandisticaret.com\/tr\/wp-json\/wp\/v2\/pages"}],"about":[{"href":"https:\/\/destandisticaret.com\/tr\/wp-json\/wp\/v2\/types\/page"}],"author":[{"embeddable":true,"href":"https:\/\/destandisticaret.com\/tr\/wp-json\/wp\/v2\/users\/1"}],"replies":[{"embeddable":true,"href":"https:\/\/destandisticaret.com\/tr\/wp-json\/wp\/v2\/comments?post=4986"}],"version-history":[{"count":14,"href":"https:\/\/destandisticaret.com\/tr\/wp-json\/wp\/v2\/pages\/4986\/revisions"}],"predecessor-version":[{"id":10591,"href":"https:\/\/destandisticaret.com\/tr\/wp-json\/wp\/v2\/pages\/4986\/revisions\/10591"}],"wp:attachment":[{"href":"https:\/\/destandisticaret.com\/tr\/wp-json\/wp\/v2\/media?parent=4986"}],"curies":[{"name":"wp","href":"https:\/\/api.w.org\/{rel}","templated":true}]}}