{"id":10622,"date":"2025-10-17T10:11:42","date_gmt":"2025-10-17T10:11:42","guid":{"rendered":"https:\/\/destandisticaret.com\/?post_type=product&#038;p=10622"},"modified":"2025-11-20T05:34:16","modified_gmt":"2025-11-20T05:34:16","slug":"graine-de-tournesol-interieure","status":"publish","type":"product","link":"https:\/\/destandisticaret.com\/fr\/produit\/graine-de-tournesol-interieure\/","title":{"rendered":"Graine de tournesol int\u00e9rieure"},"content":{"rendered":"<p>Une alternative pratique et nutritive pour ceux qui ne veulent pas se donner la peine d&#039;enlever les graines\u00a0:<strong>\u00a0 \u00c0 l&#039;int\u00e9rieur d&#039;une graine de tournesol !<\/strong><\/p>\n<p>Cette friandise fra\u00eeche et naturelle, d\u00e9cortiqu\u00e9e, est id\u00e9ale pour les enfants comme pour les adultes. Sans sel ajout\u00e9, elle se pr\u00eate parfaitement aux recettes saines, aux p\u00e2tisseries et aux en-cas.<\/p>\n<p><strong>Caract\u00e9ristiques du produit<\/strong><\/p>\n<p><strong>\u2022 D\u00e9cortiqu\u00e9 :<\/strong>\u00a0Forme pratique pr\u00eate \u00e0 l&#039;emploi<br \/>\n<strong>\u2022 Riche valeur nutritionnelle :\u00a0<\/strong>Riche en vitamine E, en magn\u00e9sium et en graisses saines<br \/>\n<strong>\u2022 Go\u00fbter adapt\u00e9 aux enfants :<\/strong>\u00a0Consommation sans danger pour les tout-petits gr\u00e2ce \u00e0 sa structure sans coquille<br \/>\n<strong>\u2022 Utilisation polyvalente :\u00a0<\/strong>Convient pour une utilisation dans des recettes telles que les p\u00e2tisseries, les biscuits ap\u00e9ritifs, les salades et le granola.<br \/>\n<strong>\u2022 Contenu :\u00a0<\/strong>%100 ay \u00e7ekirde\u011fi i\u00e7i<br \/>\n<strong>\u2022 Montant net :\u00a0<\/strong>100 g<br \/>\n<strong>\u2022 Origine:<\/strong>\u00a0Turquie \/ Production nationale<br \/>\n<strong>\u2022 Conditions de stockage :<\/strong>\u00a0Conserver ferm\u00e9 dans un endroit frais, sec et \u00e0 l&#039;abri de la lumi\u00e8re.<\/p>\n<p><strong>\u00c0 qui convient-il ?<\/strong><\/p>\n<p>\u2022 Pour ceux qui recherchent une collation rapide et pratique<br \/>\n\u2022 Ceux qui pr\u00e9parent des p\u00e2tisseries et du granola \u00e0 la maison<br \/>\n\u2022 Les parents qui souhaitent donner des noix \u00e0 leurs enfants en toute s\u00e9curit\u00e9<br \/>\n\u2022 Les personnes qui souhaitent ajouter des graisses saines et des prot\u00e9ines v\u00e9g\u00e9tales \u00e0 leur alimentation<\/p>\n<p><strong>Recommandations d&#039;utilisation<\/strong><\/p>\n<p>\u2022 En guise de collation\u00a0: vous pouvez le consommer directement ou l\u2019ajouter \u00e0 votre m\u00e9lange de noix.<br \/>\n\u2022 En p\u00e2tisserie : \u00c0 utiliser comme d\u00e9coration de surface ou comme garniture dans les p\u00e2tisseries, les crackers et les biscuits sal\u00e9s.<br \/>\n\u2022 Petit-d\u00e9jeuner et salades : Saupoudrez-en sur vos yaourts ou salades pour ajouter du croquant.<br \/>\n\u2022 Enrichit les recettes : Ajoute des prot\u00e9ines et de la saveur aux granolas, aux bols de smoothie et aux barres \u00e9nerg\u00e9tiques maison.<\/p>\n<p><strong>Valeurs \u00e9nerg\u00e9tiques et nutritionnelles (pour 100 g)<\/strong><\/p>\n<p><strong>\u2022 \u00c9nergie : 584 kcal<br \/>\n\u2022 Prot\u00e9ines : 21 g<br \/>\n\u2022 Glucides : 20 g<br \/>\n\u2022 Fibres : 8,6 g<br \/>\n\u2022 Mati\u00e8res grasses : 51 g<br \/>\n\u2022 Vitamine E : 35,2 mg<\/strong><\/p>","protected":false},"excerpt":{"rendered":"<p>N&#039;h\u00e9sitez pas \u00e0 nous contacter pour conna\u00eetre nos tarifs de gros et obtenir des informations d\u00e9taill\u00e9es sur vos besoins en graines de tournesol et autres noix. Notre \u00e9quipe commerciale est \u00e0 votre disposition pour vous proposer les meilleures solutions.<\/p>","protected":false},"featured_media":10645,"comment_status":"closed","ping_status":"closed","template":"","meta":[],"product_brand":[],"product_cat":[15],"product_tag":[88,78,137,77,79],"class_list":{"0":"post-10622","1":"product","2":"type-product","3":"status-publish","4":"has-post-thumbnail","6":"product_cat-kuruyemisler","7":"product_tag-ay-cekirdegi","8":"product_tag-cerez","9":"product_tag-ic-ay-cekirdegi","10":"product_tag-kuruyemis","11":"product_tag-saglikli-atistirmalik","13":"first","14":"instock","15":"shipping-taxable","16":"product-type-simple"},"_links":{"self":[{"href":"https:\/\/destandisticaret.com\/fr\/wp-json\/wp\/v2\/product\/10622","targetHints":{"allow":["GET"]}}],"collection":[{"href":"https:\/\/destandisticaret.com\/fr\/wp-json\/wp\/v2\/product"}],"about":[{"href":"https:\/\/destandisticaret.com\/fr\/wp-json\/wp\/v2\/types\/product"}],"replies":[{"embeddable":true,"href":"https:\/\/destandisticaret.com\/fr\/wp-json\/wp\/v2\/comments?post=10622"}],"wp:featuredmedia":[{"embeddable":true,"href":"https:\/\/destandisticaret.com\/fr\/wp-json\/wp\/v2\/media\/10645"}],"wp:attachment":[{"href":"https:\/\/destandisticaret.com\/fr\/wp-json\/wp\/v2\/media?parent=10622"}],"wp:term":[{"taxonomy":"product_brand","embeddable":true,"href":"https:\/\/destandisticaret.com\/fr\/wp-json\/wp\/v2\/product_brand?post=10622"},{"taxonomy":"product_cat","embeddable":true,"href":"https:\/\/destandisticaret.com\/fr\/wp-json\/wp\/v2\/product_cat?post=10622"},{"taxonomy":"product_tag","embeddable":true,"href":"https:\/\/destandisticaret.com\/fr\/wp-json\/wp\/v2\/product_tag?post=10622"}],"curies":[{"name":"wp","href":"https:\/\/api.w.org\/{rel}","templated":true}]}}